{"version":"1.0","provider_name":"The Elevator Association","provider_url":"https:\/\/www.hissforbundet.se\/en","author_name":"admin","author_url":"https:\/\/www.hissforbundet.se\/en\/author\/hissforbundet\/","title":"Tillg\u00e4nglighet fokus f\u00f6r Hissf\u00f6rbundets v\u00e5rm\u00f6te - Hissf\u00f6rbundet","type":"rich","width":600,"height":338,"html":"<blockquote class=\"wp-embedded-content\" data-secret=\"oZajajKunt\"><a href=\"https:\/\/www.hissforbundet.se\/en\/2025\/05\/14\/tillganglighet-fokus-for-hissforbundets-varmote\/\">Accessibility is the focus of the Swedish Elevator Association&#039;s spring meeting.<\/a><\/blockquote><iframe sandbox=\"allow-scripts\" security=\"restricted\" src=\"https:\/\/www.hissforbundet.se\/en\/2025\/05\/14\/tillganglighet-fokus-for-hissforbundets-varmote\/embed\/#?secret=oZajajKunt\" width=\"600\" height=\"338\" title=\"\u201cAccessibility is the focus for the Swedish Elevator Association\u2019s spring meeting\u201d \u2014 Swedish Elevator Association\" data-secret=\"oZajajKunt\" frameborder=\"0\" marginwidth=\"0\" marginheight=\"0\" scrolling=\"no\" class=\"wp-embedded-content\"><\/iframe><script type=\"text\/javascript\">\n\/* <![CDATA[ *\/\n\/*! This file is auto-generated *\/\n!function(d,l){\"use strict\";l.querySelector&&d.addEventListener&&\"undefined\"!=typeof URL&&(d.wp=d.wp||{},d.wp.receiveEmbedMessage||(d.wp.receiveEmbedMessage=function(e){var t=e.data;if((t||t.secret||t.message||t.value)&&!\/[^a-zA-Z0-9]\/.test(t.secret)){for(var s,r,n,a=l.querySelectorAll('iframe[data-secret=\"'+t.secret+'\"]'),o=l.querySelectorAll('blockquote[data-secret=\"'+t.secret+'\"]'),c=new RegExp(\"^https?:$\",\"i\"),i=0;i<o.length;i++)o[i].style.display=\"none\";for(i=0;i<a.length;i++)s=a[i],e.source===s.contentWindow&&(s.removeAttribute(\"style\"),\"height\"===t.message?(1e3<(r=parseInt(t.value,10))?r=1e3:~~r<200&&(r=200),s.height=r):\"link\"===t.message&&(r=new URL(s.getAttribute(\"src\")),n=new URL(t.value),c.test(n.protocol))&&n.host===r.host&&l.activeElement===s&&(d.top.location.href=t.value))}},d.addEventListener(\"message\",d.wp.receiveEmbedMessage,!1),l.addEventListener(\"DOMContentLoaded\",function(){for(var e,t,s=l.querySelectorAll(\"iframe.wp-embedded-content\"),r=0;r<s.length;r++)(t=(e=s[r]).getAttribute(\"data-secret\"))||(t=Math.random().toString(36).substring(2,12),e.src+=\"#?secret=\"+t,e.setAttribute(\"data-secret\",t)),e.contentWindow.postMessage({message:\"ready\",secret:t},\"*\")},!1)))}(window,document);\n\/* ]]> *\/\n<\/script>","thumbnail_url":"https:\/\/www.hissforbundet.se\/wp-content\/uploads\/2025\/05\/IMG_0335-2.jpg","thumbnail_width":1000,"thumbnail_height":627,"description":"Den 14 maj arrangerades Hissf\u00f6rbundets v\u00e5rkonferens och \u00e5rsm\u00f6te f\u00f6r 2025. Tema f\u00f6r dagen var tillg\u00e4nglighet och vi fick \u00e4ven m\u00f6jlighet att uppdatera v\u00e5ra kunskaper inom den viktiga standardiseringen. F\u00f6rst ut f\u00f6r dagen var Karolina Celinska, DHR, som ber\u00e4ttade f\u00f6r oss hur vi alla kan bli ambassad\u00f6rer och kunskapsb\u00e4rare f\u00f6r tillg\u00e4nglighetsfr\u00e5gan. &#8211; F\u00f6r att jag ska [&hellip;]"}